{"id":8446,"date":"2021-09-07T11:37:36","date_gmt":"2021-09-07T09:37:36","guid":{"rendered":"https:\/\/marketwell.no\/?post_type=tribe_events&#038;p=8446"},"modified":"2021-09-07T11:37:40","modified_gmt":"2021-09-07T09:37:40","slug":"redken-spesialist-oslo","status":"publish","type":"tribe_events","link":"https:\/\/marketwell.no\/no\/event\/redken-spesialist-oslo\/","title":{"rendered":"Redken Spesialist &#8211; OSLO"},"content":{"rendered":"\n\r\n\r\n\r[vc_row][vc_column][vc_column_text]<strong>26.-28.\u00a0OKT\/ REDKEN SPESIALIST-OFFLINE<\/strong>\r\n\r\n<strong>Kursbeskrivelse:\r\n<\/strong>Ta det f\u00f8rste trinnet p\u00e5 reisen din langs Redken Career Path og bli en Redken spesialist! F\u00e5 grunnleggende kunnskap om hver produktserie innen h\u00e5rpleie, styling og farger.\r\n\r\nOppdag nye muligheter og f\u00e5 kunnskap om produktportef\u00f8ljen innen h\u00e5rfarge og styling som overg\u00e5r alle forventninger til enhver fris\u00f8r, og som oppfyller alle kunder trenger.\r\n\r\nBli trygg p\u00e5 \u00e5 velge riktig fargefamilie for hver kunde.\r\n\r\nRedkens prinsippbasert oppl\u00e6ring hjelper deg \u00e5 oppn\u00e5 suksess som fris\u00f8r\r\n\r\nRedken Specialist Program er et interaktivt oppl\u00e6ringsprogram designet for deg som har fullf\u00f8rt alle Redken Obsessed oppl\u00e6ringsprogrammer i salongen, og \u00f8nsker \u00e5 g\u00e5 videre til Redken Authority-programmet.\r\n\r\n<strong>Kursets varighet:\u00a0<\/strong>\u00a03 dager, 10: 00-17: 00 alle dager\r\n\r\n<strong>Undervisningstype: <\/strong>Dette er og offline kurs.\r\n\r\n<strong>Sted og dato:<\/strong>\u00a0Lysaker Torg 35, Lysaker,\r\n26.-28.oktober\r\n\r\n<strong>Verkt\u00f8yliste:\u00a0<\/strong>\u00a0Ta med deg din f\u00f8hner, rundb\u00f8rste og klyper\r\n\r\n<strong>Pris ekskl.\u00a0moms<\/strong>\u00a02950 NOK, inkl mannequin hode, produkter, materiell, lunsj\r\n\r\nP\u00c5MELDING <a href=\"https:\/\/no.lorealaccess.com\/learn\/course\/internal\/view\/classroom\/39400\/26-28-oktredken-spesialist-oslopris-2950\">HER<\/a>\r\n<div>\r\n\r\nL&#8217;Or\u00e9al Access er \u00e5pen for alle fris\u00f8rer men til info n\u00e5r du melder deg p\u00e5 seminar skal du v\u00e6re oppmerksom p\u00e5 at du skal ha ditt kundenummer registrert i dine profil opplysninger. Hvis du ikke har et L&#8217;Or\u00e9al-kundenummer, ber vi deg om \u00e5 kontakte lorealaccess.no@loreal.com.\r\n\r\n<\/div>\r\nAnnullering av et seminar kan kun skje ved \u00e5 sende epost til \u00a0lorealaccess.no@loreal.com senest 24 timer f\u00f8r kurset starter. Vi forbeholder oss rett til, uten kompensasjon, \u00e5 annullere et seminar senest 24 timer f\u00f8r seminarets start.\r\n\r\nVelkommen![\/vc_column_text][\/vc_column][\/vc_row]\n\r\n\r\n\r\n\r","protected":false},"excerpt":{"rendered":"<p>[vc_row][vc_column][vc_column_text]26.-28.\u00a0OKT\/ REDKEN SPESIALIST-OFFLINE Kursbeskrivelse: Ta det f\u00f8rste trinnet p\u00e5 reisen din langs Redken Career Path og bli en Redken spesialist! F\u00e5 grunnleggende kunnskap om hver produktserie innen h\u00e5rpleie, styling og farger. Oppdag nye muligheter og f\u00e5 kunnskap om produktportef\u00f8ljen innen [&hellip;]<\/p>\n","protected":false},"author":1,"featured_media":8385,"template":"","meta":{"_tribe_events_status":"","_tribe_events_status_reason":"","footnotes":""},"tags":[241,248,240],"tribe_events_cat":[],"yoast_head":"<!-- This site is optimized with the Yoast SEO plugin v24.5 - https:\/\/yoast.com\/wordpress\/plugins\/seo\/ -->\n<title>Redken Spesialist - OSLO - Marketwell<\/title>\n<meta name=\"robots\" content=\"index, follow, max-snippet:-1, max-image-preview:large, max-video-preview:-1\" \/>\n<link rel=\"canonical\" href=\"https:\/\/marketwell.no\/no\/event\/redken-spesialist-oslo\/\" \/>\n<meta property=\"og:locale\" content=\"nb_NO\" \/>\n<meta property=\"og:type\" content=\"article\" \/>\n<meta property=\"og:title\" content=\"Redken Spesialist - OSLO - Marketwell\" \/>\n<meta property=\"og:description\" content=\"[vc_row][vc_column][vc_column_text]26.-28.\u00a0OKT\/ REDKEN SPESIALIST-OFFLINE Kursbeskrivelse: Ta det f\u00f8rste trinnet p\u00e5 reisen din langs Redken Career Path og bli en Redken spesialist! F\u00e5 grunnleggende kunnskap om hver produktserie innen h\u00e5rpleie, styling og farger. Oppdag nye muligheter og f\u00e5 kunnskap om produktportef\u00f8ljen innen [&hellip;]\" \/>\n<meta property=\"og:url\" content=\"https:\/\/marketwell.no\/no\/event\/redken-spesialist-oslo\/\" \/>\n<meta property=\"og:site_name\" content=\"Marketwell\" \/>\n<meta property=\"article:publisher\" content=\"https:\/\/www.facebook.com\/marketwellnorge\" \/>\n<meta property=\"article:modified_time\" content=\"2021-09-07T09:37:40+00:00\" \/>\n<meta property=\"og:image\" content=\"https:\/\/marketwell.no\/wp-content\/uploads\/2021\/09\/redken-logo-medium.png\" \/>\n\t<meta property=\"og:image:width\" content=\"300\" \/>\n\t<meta property=\"og:image:height\" content=\"300\" \/>\n\t<meta property=\"og:image:type\" content=\"image\/png\" \/>\n<meta name=\"twitter:card\" content=\"summary_large_image\" \/>\n<meta name=\"twitter:label1\" content=\"Ansl. lesetid\" \/>\n\t<meta name=\"twitter:data1\" content=\"2 minutter\" \/>\n<script type=\"application\/ld+json\" class=\"yoast-schema-graph\">{\"@context\":\"https:\/\/schema.org\",\"@graph\":[{\"@type\":\"WebPage\",\"@id\":\"https:\/\/marketwell.no\/no\/event\/redken-spesialist-oslo\/\",\"url\":\"https:\/\/marketwell.no\/no\/event\/redken-spesialist-oslo\/\",\"name\":\"Redken Spesialist - OSLO - Marketwell\",\"isPartOf\":{\"@id\":\"https:\/\/marketwell.no\/no\/#website\"},\"primaryImageOfPage\":{\"@id\":\"https:\/\/marketwell.no\/no\/event\/redken-spesialist-oslo\/#primaryimage\"},\"image\":{\"@id\":\"https:\/\/marketwell.no\/no\/event\/redken-spesialist-oslo\/#primaryimage\"},\"thumbnailUrl\":\"https:\/\/marketwell.no\/wp-content\/uploads\/2021\/09\/redken-logo-medium.png\",\"datePublished\":\"2021-09-07T09:37:36+00:00\",\"dateModified\":\"2021-09-07T09:37:40+00:00\",\"breadcrumb\":{\"@id\":\"https:\/\/marketwell.no\/no\/event\/redken-spesialist-oslo\/#breadcrumb\"},\"inLanguage\":\"nb-NO\",\"potentialAction\":[{\"@type\":\"ReadAction\",\"target\":[\"https:\/\/marketwell.no\/no\/event\/redken-spesialist-oslo\/\"]}]},{\"@type\":\"ImageObject\",\"inLanguage\":\"nb-NO\",\"@id\":\"https:\/\/marketwell.no\/no\/event\/redken-spesialist-oslo\/#primaryimage\",\"url\":\"https:\/\/marketwell.no\/wp-content\/uploads\/2021\/09\/redken-logo-medium.png\",\"contentUrl\":\"https:\/\/marketwell.no\/wp-content\/uploads\/2021\/09\/redken-logo-medium.png\",\"width\":300,\"height\":300},{\"@type\":\"BreadcrumbList\",\"@id\":\"https:\/\/marketwell.no\/no\/event\/redken-spesialist-oslo\/#breadcrumb\",\"itemListElement\":[{\"@type\":\"ListItem\",\"position\":1,\"name\":\"Hjem\",\"item\":\"https:\/\/marketwell.no\/no\/\"},{\"@type\":\"ListItem\",\"position\":2,\"name\":\"Arrangementer\",\"item\":\"https:\/\/marketwell.no\/no\/events\/\"},{\"@type\":\"ListItem\",\"position\":3,\"name\":\"Redken Spesialist &#8211; OSLO\"}]},{\"@type\":\"WebSite\",\"@id\":\"https:\/\/marketwell.no\/no\/#website\",\"url\":\"https:\/\/marketwell.no\/no\/\",\"name\":\"Marketwell\",\"description\":\"Tid for \u00e5 forenkle \",\"publisher\":{\"@id\":\"https:\/\/marketwell.no\/no\/#organization\"},\"potentialAction\":[{\"@type\":\"SearchAction\",\"target\":{\"@type\":\"EntryPoint\",\"urlTemplate\":\"https:\/\/marketwell.no\/no\/?s={search_term_string}\"},\"query-input\":{\"@type\":\"PropertyValueSpecification\",\"valueRequired\":true,\"valueName\":\"search_term_string\"}}],\"inLanguage\":\"nb-NO\"},{\"@type\":\"Organization\",\"@id\":\"https:\/\/marketwell.no\/no\/#organization\",\"name\":\"Marketwell\",\"url\":\"https:\/\/marketwell.no\/no\/\",\"logo\":{\"@type\":\"ImageObject\",\"inLanguage\":\"nb-NO\",\"@id\":\"https:\/\/marketwell.no\/no\/#\/schema\/logo\/image\/\",\"url\":\"https:\/\/marketwell.no\/wp-content\/uploads\/2020\/06\/MWlogo-transparent-bakkgrunn-1-e1623514698867.png\",\"contentUrl\":\"https:\/\/marketwell.no\/wp-content\/uploads\/2020\/06\/MWlogo-transparent-bakkgrunn-1-e1623514698867.png\",\"width\":509,\"height\":239,\"caption\":\"Marketwell\"},\"image\":{\"@id\":\"https:\/\/marketwell.no\/no\/#\/schema\/logo\/image\/\"},\"sameAs\":[\"https:\/\/www.facebook.com\/marketwellnorge\",\"https:\/\/www.instagram.com\/marketwell_as\/\",\"https:\/\/no.pinterest.com\/marketwell\/\",\"https:\/\/www.youtube.com\/channel\/UCfhYr0EHoJP9xPpxp0Sqc5Q\"]}]}<\/script>\n<!-- \/ Yoast SEO plugin. -->","yoast_head_json":{"title":"Redken Spesialist - OSLO - Marketwell","robots":{"index":"index","follow":"follow","max-snippet":"max-snippet:-1","max-image-preview":"max-image-preview:large","max-video-preview":"max-video-preview:-1"},"canonical":"https:\/\/marketwell.no\/no\/event\/redken-spesialist-oslo\/","og_locale":"nb_NO","og_type":"article","og_title":"Redken Spesialist - OSLO - Marketwell","og_description":"[vc_row][vc_column][vc_column_text]26.-28.\u00a0OKT\/ REDKEN SPESIALIST-OFFLINE Kursbeskrivelse: Ta det f\u00f8rste trinnet p\u00e5 reisen din langs Redken Career Path og bli en Redken spesialist! F\u00e5 grunnleggende kunnskap om hver produktserie innen h\u00e5rpleie, styling og farger. Oppdag nye muligheter og f\u00e5 kunnskap om produktportef\u00f8ljen innen [&hellip;]","og_url":"https:\/\/marketwell.no\/no\/event\/redken-spesialist-oslo\/","og_site_name":"Marketwell","article_publisher":"https:\/\/www.facebook.com\/marketwellnorge","article_modified_time":"2021-09-07T09:37:40+00:00","og_image":[{"width":300,"height":300,"url":"https:\/\/marketwell.no\/wp-content\/uploads\/2021\/09\/redken-logo-medium.png","type":"image\/png"}],"twitter_card":"summary_large_image","twitter_misc":{"Ansl. lesetid":"2 minutter"},"schema":{"@context":"https:\/\/schema.org","@graph":[{"@type":"WebPage","@id":"https:\/\/marketwell.no\/no\/event\/redken-spesialist-oslo\/","url":"https:\/\/marketwell.no\/no\/event\/redken-spesialist-oslo\/","name":"Redken Spesialist - OSLO - Marketwell","isPartOf":{"@id":"https:\/\/marketwell.no\/no\/#website"},"primaryImageOfPage":{"@id":"https:\/\/marketwell.no\/no\/event\/redken-spesialist-oslo\/#primaryimage"},"image":{"@id":"https:\/\/marketwell.no\/no\/event\/redken-spesialist-oslo\/#primaryimage"},"thumbnailUrl":"https:\/\/marketwell.no\/wp-content\/uploads\/2021\/09\/redken-logo-medium.png","datePublished":"2021-09-07T09:37:36+00:00","dateModified":"2021-09-07T09:37:40+00:00","breadcrumb":{"@id":"https:\/\/marketwell.no\/no\/event\/redken-spesialist-oslo\/#breadcrumb"},"inLanguage":"nb-NO","potentialAction":[{"@type":"ReadAction","target":["https:\/\/marketwell.no\/no\/event\/redken-spesialist-oslo\/"]}]},{"@type":"ImageObject","inLanguage":"nb-NO","@id":"https:\/\/marketwell.no\/no\/event\/redken-spesialist-oslo\/#primaryimage","url":"https:\/\/marketwell.no\/wp-content\/uploads\/2021\/09\/redken-logo-medium.png","contentUrl":"https:\/\/marketwell.no\/wp-content\/uploads\/2021\/09\/redken-logo-medium.png","width":300,"height":300},{"@type":"BreadcrumbList","@id":"https:\/\/marketwell.no\/no\/event\/redken-spesialist-oslo\/#breadcrumb","itemListElement":[{"@type":"ListItem","position":1,"name":"Hjem","item":"https:\/\/marketwell.no\/no\/"},{"@type":"ListItem","position":2,"name":"Arrangementer","item":"https:\/\/marketwell.no\/no\/events\/"},{"@type":"ListItem","position":3,"name":"Redken Spesialist &#8211; OSLO"}]},{"@type":"WebSite","@id":"https:\/\/marketwell.no\/no\/#website","url":"https:\/\/marketwell.no\/no\/","name":"Marketwell","description":"Tid for \u00e5 forenkle ","publisher":{"@id":"https:\/\/marketwell.no\/no\/#organization"},"potentialAction":[{"@type":"SearchAction","target":{"@type":"EntryPoint","urlTemplate":"https:\/\/marketwell.no\/no\/?s={search_term_string}"},"query-input":{"@type":"PropertyValueSpecification","valueRequired":true,"valueName":"search_term_string"}}],"inLanguage":"nb-NO"},{"@type":"Organization","@id":"https:\/\/marketwell.no\/no\/#organization","name":"Marketwell","url":"https:\/\/marketwell.no\/no\/","logo":{"@type":"ImageObject","inLanguage":"nb-NO","@id":"https:\/\/marketwell.no\/no\/#\/schema\/logo\/image\/","url":"https:\/\/marketwell.no\/wp-content\/uploads\/2020\/06\/MWlogo-transparent-bakkgrunn-1-e1623514698867.png","contentUrl":"https:\/\/marketwell.no\/wp-content\/uploads\/2020\/06\/MWlogo-transparent-bakkgrunn-1-e1623514698867.png","width":509,"height":239,"caption":"Marketwell"},"image":{"@id":"https:\/\/marketwell.no\/no\/#\/schema\/logo\/image\/"},"sameAs":["https:\/\/www.facebook.com\/marketwellnorge","https:\/\/www.instagram.com\/marketwell_as\/","https:\/\/no.pinterest.com\/marketwell\/","https:\/\/www.youtube.com\/channel\/UCfhYr0EHoJP9xPpxp0Sqc5Q"]}]}},"jetpack_sharing_enabled":true,"_links":{"self":[{"href":"https:\/\/marketwell.no\/no\/wp-json\/wp\/v2\/tribe_events\/8446"}],"collection":[{"href":"https:\/\/marketwell.no\/no\/wp-json\/wp\/v2\/tribe_events"}],"about":[{"href":"https:\/\/marketwell.no\/no\/wp-json\/wp\/v2\/types\/tribe_events"}],"author":[{"embeddable":true,"href":"https:\/\/marketwell.no\/no\/wp-json\/wp\/v2\/users\/1"}],"version-history":[{"count":3,"href":"https:\/\/marketwell.no\/no\/wp-json\/wp\/v2\/tribe_events\/8446\/revisions"}],"predecessor-version":[{"id":8494,"href":"https:\/\/marketwell.no\/no\/wp-json\/wp\/v2\/tribe_events\/8446\/revisions\/8494"}],"wp:featuredmedia":[{"embeddable":true,"href":"https:\/\/marketwell.no\/no\/wp-json\/wp\/v2\/media\/8385"}],"wp:attachment":[{"href":"https:\/\/marketwell.no\/no\/wp-json\/wp\/v2\/media?parent=8446"}],"wp:term":[{"taxonomy":"post_tag","embeddable":true,"href":"https:\/\/marketwell.no\/no\/wp-json\/wp\/v2\/tags?post=8446"},{"taxonomy":"tribe_events_cat","embeddable":true,"href":"https:\/\/marketwell.no\/no\/wp-json\/wp\/v2\/tribe_events_cat?post=8446"}],"curies":[{"name":"wp","href":"https:\/\/api.w.org\/{rel}","templated":true}]}}