{"id":8481,"date":"2021-09-07T13:01:16","date_gmt":"2021-09-07T11:01:16","guid":{"rendered":"https:\/\/marketwell.no\/?post_type=tribe_events&#038;p=8481"},"modified":"2021-09-07T13:01:19","modified_gmt":"2021-09-07T11:01:19","slug":"loreal-professionnel-fargeplassering-digital","status":"publish","type":"tribe_events","link":"https:\/\/marketwell.no\/no\/event\/loreal-professionnel-fargeplassering-digital\/","title":{"rendered":"L&#8217;Oreal Professionnel Fargeplassering-Digital"},"content":{"rendered":"\n\r\n\r\n\r[vc_row][vc_column][vc_column_text]<strong>FARGEPLASSERING HANDS -ON FARGE TEKNIKK KURS &#8211; DIGITAL UNDERVISNING<\/strong>\r\n\r\n<strong>Kursbeskrivelse:\r\n<\/strong>Vi fortsetter v\u00e5r franske historie og inviterer deg til \u00e5 bli kjent med den nye L&#8217;Oreal Professionnel sin French Glossing.\r\n\r\nDet er et kurs for deg som \u00f8nsker \u00e5 l\u00e6re om fargetilpasning som en teknikk som blir brukt til \u00e5 lage s\u00f8ml\u00f8se og feilfrie farger resultater fra rot til spiss tross sone forskjeller ved \u00e5 kombinere flere fargeserier i ett og samme h\u00e5r for \u00e5 skape og glansfull , rik og holdbar farge.\u00a0F\u00e5 en god veilednig fra v\u00e5re farger eksperter som vi gi deg mer trygghet i salongen.\u00a0Det er en digital undervisning som du kan ta enten hjemmefra eller salongen.\u00a0se under for verkt\u00f8y du vil trenge for \u00e5 lykkes p\u00e5 dette kurset.\r\n<div><img decoding=\"async\" src=\"https:\/\/s3-eu-west-1.amazonaws.com\/lmsfiles\/files%2Fl%2Fo%2Floreal_ppd_docebosaas_com%2Fwysiwyg_upload%2F1623415517216-1623415517216.png\" alt=\"filer%2Fl%2Fo%2Floreal_ppd_docebosaas_com%2Fwysiwyg_upload%2F1623415517216-1623415517216.png\" \/><\/div>\r\n<strong>Kursets varighet:\r\n<\/strong>3 timer begge dager\r\n\r\n<strong>Undervisningstype:\r\n<\/strong>Dette er et online kurs med L&#8217;Or\u00e9al konsultenter. Kurset er digitalt og vil foreg\u00e5 p\u00e5 din pc\/nettbrett.\r\n\r\nVed p\u00e5melding vil du f\u00e5 tilsendt lenke til kurset.\r\n\r\n<strong>Sted og dato:\r\n<\/strong>P\u00e5 din PC eller Tablett eller Smartphone, via App eller nettleseren\r\n05.okt 17: 00-20: 00\r\n\r\n<strong>Verkt\u00f8yliste:\r\n<\/strong>Mannequin hodet (se under), Forkle, hansker, fargesk\u00e5ler, pensler, b\u00f8rste, klyper, spisskam, produkter (se under)\r\n\r\n<strong>Produkter:\r\n<\/strong>Info kommer\r\n\r\n<strong>&laquo;NB! Du bestiller mannequinhodet selv.\r\n<\/strong>For \u00e5 f\u00e5 best resultat p\u00e5 dette kurset anbefaler vi \u00e5 bestille og mannequinhode\u00a0fra www.pivotpoint.se.\u00a0Se bildet.\u00a0Merk at hodet skal bestilles i god tid f\u00f8r kurset.\u00a0Hvis du trenger et bordstativ\/tripod til mannequinhodet ditt, s\u00e5 kan du ogs\u00e5 kj\u00f8pe det p\u00e5 www.pivotpoint.se.\u00a0For \u00e5 f\u00e5 gratis kontakt med pernilla.hade@harologi.se tlf.\u00a0direkte: +46 (0) 8 &#8211; 795 48 08\r\n\r\nTil dette kurset anbefaler vi \u00e5 bruke mannequinhodet DIANE\r\n\r\n<strong>Pris ekskl.\u00a0moms<\/strong>\u00a0: 599 NOK\r\n\r\nP\u00c5MELDING <a href=\"https:\/\/no.lorealaccess.com\/learn\/course\/internal\/view\/classroom\/39127\/5-oktcolor-placement-digital-undervisningpris-599\">HER<\/a>\r\n<div>\r\n\r\nL&#8217;Or\u00e9al Access er \u00e5pen for alle fris\u00f8rer men til info n\u00e5r du melder deg p\u00e5 seminar skal du v\u00e6re oppmerksom p\u00e5 at du skal ha ditt kundenummer registrert i dine profil opplysninger. Hvis du ikke har et L&#8217;Or\u00e9al-kundenummer, ber vi deg om \u00e5 kontakte lorealaccess.no@loreal.com.\r\n\r\n<\/div>\r\nAnnullering av et seminar kan kun skje ved \u00e5 sende epost til \u00a0lorealaccess.no@loreal.com senest 24 timer f\u00f8r kurset starter. Vi forbeholder oss rett til, uten kompensasjon, \u00e5 annullere et seminar senest 24 timer f\u00f8r seminarets start.\r\n\r\nVelkommen![\/vc_column_text][\/vc_column][\/vc_row]\n\r\n\r\n\r\n\r","protected":false},"excerpt":{"rendered":"<p>[vc_row][vc_column][vc_column_text]FARGEPLASSERING HANDS -ON FARGE TEKNIKK KURS &#8211; DIGITAL UNDERVISNING Kursbeskrivelse: Vi fortsetter v\u00e5r franske historie og inviterer deg til \u00e5 bli kjent med den nye L&#8217;Oreal Professionnel sin French Glossing. Det er et kurs for deg som \u00f8nsker \u00e5 l\u00e6re [&hellip;]<\/p>\n","protected":false},"author":1,"featured_media":8418,"template":"","meta":{"_tribe_events_status":"","_tribe_events_status_reason":"","footnotes":""},"tags":[241,247,249,242],"tribe_events_cat":[],"yoast_head":"<!-- This site is optimized with the Yoast SEO plugin v24.5 - https:\/\/yoast.com\/wordpress\/plugins\/seo\/ -->\n<title>L&#039;Oreal Professionnel Fargeplassering-Digital - Marketwell<\/title>\n<meta name=\"robots\" content=\"index, follow, max-snippet:-1, max-image-preview:large, max-video-preview:-1\" \/>\n<link rel=\"canonical\" href=\"https:\/\/marketwell.no\/no\/event\/loreal-professionnel-fargeplassering-digital\/\" \/>\n<meta property=\"og:locale\" content=\"nb_NO\" \/>\n<meta property=\"og:type\" content=\"article\" \/>\n<meta property=\"og:title\" content=\"L&#039;Oreal Professionnel Fargeplassering-Digital - Marketwell\" \/>\n<meta property=\"og:description\" content=\"[vc_row][vc_column][vc_column_text]FARGEPLASSERING HANDS -ON FARGE TEKNIKK KURS &#8211; DIGITAL UNDERVISNING Kursbeskrivelse: Vi fortsetter v\u00e5r franske historie og inviterer deg til \u00e5 bli kjent med den nye L&#8217;Oreal Professionnel sin French Glossing. Det er et kurs for deg som \u00f8nsker \u00e5 l\u00e6re [&hellip;]\" \/>\n<meta property=\"og:url\" content=\"https:\/\/marketwell.no\/no\/event\/loreal-professionnel-fargeplassering-digital\/\" \/>\n<meta property=\"og:site_name\" content=\"Marketwell\" \/>\n<meta property=\"article:publisher\" content=\"https:\/\/www.facebook.com\/marketwellnorge\" \/>\n<meta property=\"article:modified_time\" content=\"2021-09-07T11:01:19+00:00\" \/>\n<meta property=\"og:image\" content=\"https:\/\/marketwell.no\/wp-content\/uploads\/2021\/09\/loral-pro-image-medium.jpeg\" \/>\n\t<meta property=\"og:image:width\" content=\"300\" \/>\n\t<meta property=\"og:image:height\" content=\"172\" \/>\n\t<meta property=\"og:image:type\" content=\"image\/jpeg\" \/>\n<meta name=\"twitter:card\" content=\"summary_large_image\" \/>\n<meta name=\"twitter:label1\" content=\"Ansl. lesetid\" \/>\n\t<meta name=\"twitter:data1\" content=\"2 minutter\" \/>\n<script type=\"application\/ld+json\" class=\"yoast-schema-graph\">{\"@context\":\"https:\/\/schema.org\",\"@graph\":[{\"@type\":\"WebPage\",\"@id\":\"https:\/\/marketwell.no\/no\/event\/loreal-professionnel-fargeplassering-digital\/\",\"url\":\"https:\/\/marketwell.no\/no\/event\/loreal-professionnel-fargeplassering-digital\/\",\"name\":\"L'Oreal Professionnel Fargeplassering-Digital - Marketwell\",\"isPartOf\":{\"@id\":\"https:\/\/marketwell.no\/no\/#website\"},\"primaryImageOfPage\":{\"@id\":\"https:\/\/marketwell.no\/no\/event\/loreal-professionnel-fargeplassering-digital\/#primaryimage\"},\"image\":{\"@id\":\"https:\/\/marketwell.no\/no\/event\/loreal-professionnel-fargeplassering-digital\/#primaryimage\"},\"thumbnailUrl\":\"https:\/\/marketwell.no\/wp-content\/uploads\/2021\/09\/loral-pro-image-medium.jpeg\",\"datePublished\":\"2021-09-07T11:01:16+00:00\",\"dateModified\":\"2021-09-07T11:01:19+00:00\",\"breadcrumb\":{\"@id\":\"https:\/\/marketwell.no\/no\/event\/loreal-professionnel-fargeplassering-digital\/#breadcrumb\"},\"inLanguage\":\"nb-NO\",\"potentialAction\":[{\"@type\":\"ReadAction\",\"target\":[\"https:\/\/marketwell.no\/no\/event\/loreal-professionnel-fargeplassering-digital\/\"]}]},{\"@type\":\"ImageObject\",\"inLanguage\":\"nb-NO\",\"@id\":\"https:\/\/marketwell.no\/no\/event\/loreal-professionnel-fargeplassering-digital\/#primaryimage\",\"url\":\"https:\/\/marketwell.no\/wp-content\/uploads\/2021\/09\/loral-pro-image-medium.jpeg\",\"contentUrl\":\"https:\/\/marketwell.no\/wp-content\/uploads\/2021\/09\/loral-pro-image-medium.jpeg\",\"width\":300,\"height\":172},{\"@type\":\"BreadcrumbList\",\"@id\":\"https:\/\/marketwell.no\/no\/event\/loreal-professionnel-fargeplassering-digital\/#breadcrumb\",\"itemListElement\":[{\"@type\":\"ListItem\",\"position\":1,\"name\":\"Hjem\",\"item\":\"https:\/\/marketwell.no\/no\/\"},{\"@type\":\"ListItem\",\"position\":2,\"name\":\"Arrangementer\",\"item\":\"https:\/\/marketwell.no\/no\/events\/\"},{\"@type\":\"ListItem\",\"position\":3,\"name\":\"L&#8217;Oreal Professionnel Fargeplassering-Digital\"}]},{\"@type\":\"WebSite\",\"@id\":\"https:\/\/marketwell.no\/no\/#website\",\"url\":\"https:\/\/marketwell.no\/no\/\",\"name\":\"Marketwell\",\"description\":\"Tid for \u00e5 forenkle \",\"publisher\":{\"@id\":\"https:\/\/marketwell.no\/no\/#organization\"},\"potentialAction\":[{\"@type\":\"SearchAction\",\"target\":{\"@type\":\"EntryPoint\",\"urlTemplate\":\"https:\/\/marketwell.no\/no\/?s={search_term_string}\"},\"query-input\":{\"@type\":\"PropertyValueSpecification\",\"valueRequired\":true,\"valueName\":\"search_term_string\"}}],\"inLanguage\":\"nb-NO\"},{\"@type\":\"Organization\",\"@id\":\"https:\/\/marketwell.no\/no\/#organization\",\"name\":\"Marketwell\",\"url\":\"https:\/\/marketwell.no\/no\/\",\"logo\":{\"@type\":\"ImageObject\",\"inLanguage\":\"nb-NO\",\"@id\":\"https:\/\/marketwell.no\/no\/#\/schema\/logo\/image\/\",\"url\":\"https:\/\/marketwell.no\/wp-content\/uploads\/2020\/06\/MWlogo-transparent-bakkgrunn-1-e1623514698867.png\",\"contentUrl\":\"https:\/\/marketwell.no\/wp-content\/uploads\/2020\/06\/MWlogo-transparent-bakkgrunn-1-e1623514698867.png\",\"width\":509,\"height\":239,\"caption\":\"Marketwell\"},\"image\":{\"@id\":\"https:\/\/marketwell.no\/no\/#\/schema\/logo\/image\/\"},\"sameAs\":[\"https:\/\/www.facebook.com\/marketwellnorge\",\"https:\/\/www.instagram.com\/marketwell_as\/\",\"https:\/\/no.pinterest.com\/marketwell\/\",\"https:\/\/www.youtube.com\/channel\/UCfhYr0EHoJP9xPpxp0Sqc5Q\"]}]}<\/script>\n<!-- \/ Yoast SEO plugin. -->","yoast_head_json":{"title":"L'Oreal Professionnel Fargeplassering-Digital - Marketwell","robots":{"index":"index","follow":"follow","max-snippet":"max-snippet:-1","max-image-preview":"max-image-preview:large","max-video-preview":"max-video-preview:-1"},"canonical":"https:\/\/marketwell.no\/no\/event\/loreal-professionnel-fargeplassering-digital\/","og_locale":"nb_NO","og_type":"article","og_title":"L'Oreal Professionnel Fargeplassering-Digital - Marketwell","og_description":"[vc_row][vc_column][vc_column_text]FARGEPLASSERING HANDS -ON FARGE TEKNIKK KURS &#8211; DIGITAL UNDERVISNING Kursbeskrivelse: Vi fortsetter v\u00e5r franske historie og inviterer deg til \u00e5 bli kjent med den nye L&#8217;Oreal Professionnel sin French Glossing. Det er et kurs for deg som \u00f8nsker \u00e5 l\u00e6re [&hellip;]","og_url":"https:\/\/marketwell.no\/no\/event\/loreal-professionnel-fargeplassering-digital\/","og_site_name":"Marketwell","article_publisher":"https:\/\/www.facebook.com\/marketwellnorge","article_modified_time":"2021-09-07T11:01:19+00:00","og_image":[{"width":300,"height":172,"url":"https:\/\/marketwell.no\/wp-content\/uploads\/2021\/09\/loral-pro-image-medium.jpeg","type":"image\/jpeg"}],"twitter_card":"summary_large_image","twitter_misc":{"Ansl. lesetid":"2 minutter"},"schema":{"@context":"https:\/\/schema.org","@graph":[{"@type":"WebPage","@id":"https:\/\/marketwell.no\/no\/event\/loreal-professionnel-fargeplassering-digital\/","url":"https:\/\/marketwell.no\/no\/event\/loreal-professionnel-fargeplassering-digital\/","name":"L'Oreal Professionnel Fargeplassering-Digital - Marketwell","isPartOf":{"@id":"https:\/\/marketwell.no\/no\/#website"},"primaryImageOfPage":{"@id":"https:\/\/marketwell.no\/no\/event\/loreal-professionnel-fargeplassering-digital\/#primaryimage"},"image":{"@id":"https:\/\/marketwell.no\/no\/event\/loreal-professionnel-fargeplassering-digital\/#primaryimage"},"thumbnailUrl":"https:\/\/marketwell.no\/wp-content\/uploads\/2021\/09\/loral-pro-image-medium.jpeg","datePublished":"2021-09-07T11:01:16+00:00","dateModified":"2021-09-07T11:01:19+00:00","breadcrumb":{"@id":"https:\/\/marketwell.no\/no\/event\/loreal-professionnel-fargeplassering-digital\/#breadcrumb"},"inLanguage":"nb-NO","potentialAction":[{"@type":"ReadAction","target":["https:\/\/marketwell.no\/no\/event\/loreal-professionnel-fargeplassering-digital\/"]}]},{"@type":"ImageObject","inLanguage":"nb-NO","@id":"https:\/\/marketwell.no\/no\/event\/loreal-professionnel-fargeplassering-digital\/#primaryimage","url":"https:\/\/marketwell.no\/wp-content\/uploads\/2021\/09\/loral-pro-image-medium.jpeg","contentUrl":"https:\/\/marketwell.no\/wp-content\/uploads\/2021\/09\/loral-pro-image-medium.jpeg","width":300,"height":172},{"@type":"BreadcrumbList","@id":"https:\/\/marketwell.no\/no\/event\/loreal-professionnel-fargeplassering-digital\/#breadcrumb","itemListElement":[{"@type":"ListItem","position":1,"name":"Hjem","item":"https:\/\/marketwell.no\/no\/"},{"@type":"ListItem","position":2,"name":"Arrangementer","item":"https:\/\/marketwell.no\/no\/events\/"},{"@type":"ListItem","position":3,"name":"L&#8217;Oreal Professionnel Fargeplassering-Digital"}]},{"@type":"WebSite","@id":"https:\/\/marketwell.no\/no\/#website","url":"https:\/\/marketwell.no\/no\/","name":"Marketwell","description":"Tid for \u00e5 forenkle ","publisher":{"@id":"https:\/\/marketwell.no\/no\/#organization"},"potentialAction":[{"@type":"SearchAction","target":{"@type":"EntryPoint","urlTemplate":"https:\/\/marketwell.no\/no\/?s={search_term_string}"},"query-input":{"@type":"PropertyValueSpecification","valueRequired":true,"valueName":"search_term_string"}}],"inLanguage":"nb-NO"},{"@type":"Organization","@id":"https:\/\/marketwell.no\/no\/#organization","name":"Marketwell","url":"https:\/\/marketwell.no\/no\/","logo":{"@type":"ImageObject","inLanguage":"nb-NO","@id":"https:\/\/marketwell.no\/no\/#\/schema\/logo\/image\/","url":"https:\/\/marketwell.no\/wp-content\/uploads\/2020\/06\/MWlogo-transparent-bakkgrunn-1-e1623514698867.png","contentUrl":"https:\/\/marketwell.no\/wp-content\/uploads\/2020\/06\/MWlogo-transparent-bakkgrunn-1-e1623514698867.png","width":509,"height":239,"caption":"Marketwell"},"image":{"@id":"https:\/\/marketwell.no\/no\/#\/schema\/logo\/image\/"},"sameAs":["https:\/\/www.facebook.com\/marketwellnorge","https:\/\/www.instagram.com\/marketwell_as\/","https:\/\/no.pinterest.com\/marketwell\/","https:\/\/www.youtube.com\/channel\/UCfhYr0EHoJP9xPpxp0Sqc5Q"]}]}},"jetpack_sharing_enabled":true,"_links":{"self":[{"href":"https:\/\/marketwell.no\/no\/wp-json\/wp\/v2\/tribe_events\/8481"}],"collection":[{"href":"https:\/\/marketwell.no\/no\/wp-json\/wp\/v2\/tribe_events"}],"about":[{"href":"https:\/\/marketwell.no\/no\/wp-json\/wp\/v2\/types\/tribe_events"}],"author":[{"embeddable":true,"href":"https:\/\/marketwell.no\/no\/wp-json\/wp\/v2\/users\/1"}],"version-history":[{"count":2,"href":"https:\/\/marketwell.no\/no\/wp-json\/wp\/v2\/tribe_events\/8481\/revisions"}],"predecessor-version":[{"id":8483,"href":"https:\/\/marketwell.no\/no\/wp-json\/wp\/v2\/tribe_events\/8481\/revisions\/8483"}],"wp:featuredmedia":[{"embeddable":true,"href":"https:\/\/marketwell.no\/no\/wp-json\/wp\/v2\/media\/8418"}],"wp:attachment":[{"href":"https:\/\/marketwell.no\/no\/wp-json\/wp\/v2\/media?parent=8481"}],"wp:term":[{"taxonomy":"post_tag","embeddable":true,"href":"https:\/\/marketwell.no\/no\/wp-json\/wp\/v2\/tags?post=8481"},{"taxonomy":"tribe_events_cat","embeddable":true,"href":"https:\/\/marketwell.no\/no\/wp-json\/wp\/v2\/tribe_events_cat?post=8481"}],"curies":[{"name":"wp","href":"https:\/\/api.w.org\/{rel}","templated":true}]}}