{"id":8549,"date":"2021-09-13T10:13:54","date_gmt":"2021-09-13T08:13:54","guid":{"rendered":"https:\/\/marketwell.no\/?post_type=tribe_events&#038;p=8549"},"modified":"2021-09-13T10:13:57","modified_gmt":"2021-09-13T08:13:57","slug":"loreal-professionnel-color-keys-2-laerlinger-digital","status":"publish","type":"tribe_events","link":"https:\/\/marketwell.no\/no\/event\/loreal-professionnel-color-keys-2-laerlinger-digital\/","title":{"rendered":"L&#8217;Oreal Professionnel Color Keys 2 L\u00e6rlinger &#8211; Digital"},"content":{"rendered":"\n\r\n\r\n\r[vc_row][vc_column][vc_column_text]<strong>Kursbeskrivelse:\r\n<\/strong>Dette er et to-dagers seminar for deg &#8211; en l\u00e6rling som har jobbet i faget i minst ett \u00e5r og vil utvikle deg videre som fargeexpert. V\u00e5re dyktige konsulenter i L&#8217;Or\u00e9al vil hjelpe deg med \u00e5 f\u00e5 ekspertise p\u00e5 de store fargeendringene i salongen, for eksempel fra lys til m\u00f8rk, m\u00f8rk til lys. Forst\u00e5else om de forskjellige fargesystemene og fordelene. Teoretisk og praktisk forberedelse dag 1 \u00a0og praktisk arbeid dag 2. Se under for utstyr og materiell som du vil trenge p\u00e5 dette kurset.\r\n\r\n*Forutsetter at du har gjennomg\u00e5tt Color Key 1\r\n\r\n<strong>Kursets varighet:\r\n<\/strong>6 timer begge dager\r\n\r\n<strong>Undervisningstype:\r\n<\/strong>Dette er et online \u00a0kurs med L&#8217;Or\u00e9al konsulenter. Kurset er digitalt og vil foreg\u00e5 p\u00e5 din pc\/tablet.\r\nVed p\u00e5melding vil du f\u00e5 tilsendt link til kurset.\r\n\r\n<strong>Sted og dato:\r\n<\/strong>P\u00e5 din PC eller Tablett eller Smartphone, via App eller nettleseren\r\n29.&amp; 30.November, kl 10.00-16.00\r\n\r\n<strong>Verkt\u00f8yliste:\r\n<\/strong>Mannequin hodet (se under), Forkle, hansker, fargesk\u00e5ler, pensler,b\u00f8rste, klyper, spisskam, produkter (se under)\r\n\r\n<strong>Produkter:\r\n<\/strong>Dialight 4 ( 2 stk), Dialight 5 (2 st), Dialight 6 (2 st), Dialight 7,43 (2 st.), \u00a0Dia Activator 6 vol, valgfri farge fra p\u00e5 toneh\u00f8yde 6 ( 2 stk) fra Dialight, Dia Rishesse, Inoa eller Majirel, Effasor 2 poser, Universal Creme Oksydant 20 Vol (hvit flaske), Multichnique Poweder Blond Studio, Metal DX eller SmartBond treatment, Metal DX shampo og care eller valgfri LP shampo og balsam\r\n\r\n<strong>NB! Du bestiller mannequinhodet selv.\r\n<\/strong>For \u00e5 f\u00e5 best resultat p\u00e5 dette kurset anbefaler vi \u00e5 bestille et mannequinhodet fra www.pivotpoint.se. Se bildet. Merk at hodet skal bestilles i god tid f\u00f8r kurset. Hvis du trenger et bordstativ\/tripod til mannequinhodet ditt, s\u00e5 kan du ogs\u00e5 kj\u00f8pe det p\u00e5 www.pivotpoint.se. For \u00e5 f\u00e5 gratis frakt ta kontakt med pernilla.hade@harologi.se tlf. direkt: +46 (0)8 &#8211; 795 48 08\r\n\r\nTil dette kurset anbefaler vi \u00e5 bruke mannequinhodet DIANE\r\n<div>\r\n\r\n<img decoding=\"async\" src=\"https:\/\/s3-eu-west-1.amazonaws.com\/lmsfiles\/files%2Fl%2Fo%2Floreal_ppd_docebosaas_com%2Fwysiwyg_upload%2F1623400935907-1623400935907.png\" alt=\"files%2Fl%2Fo%2Floreal_ppd_docebosaas_com%2Fwysiwyg_upload%2F1623400608272-1623400608272.png\" \/>\r\n\r\n<strong>Pris ekskl. moms:\u00a0<\/strong>599 NOK\r\n\r\nP\u00c5MELDING <a href=\"https:\/\/no.lorealaccess.com\/learn\/course\/internal\/view\/classroom\/39231\/2930-novcolor-keys-2-laerlinger-digital-undervisningpris-599\">HER<\/a>\r\n\r\nL&#8217;Or\u00e9al Access er \u00e5pen for alle fris\u00f8rer men til info n\u00e5r du melder deg p\u00e5 seminar skal du v\u00e6re oppmerksom p\u00e5 at du skal ha ditt kundenummer registrert i dine profil opplysninger. Hvis du ikke har et L&#8217;Or\u00e9al-kundenummer, ber vi deg om \u00e5 kontakte lorealaccess.no@loreal.com.\r\n\r\n<\/div>\r\nAnnullering av et seminar kan kun skje ved \u00e5 sende epost til \u00a0lorealaccess.no@loreal.com senest 24 timer f\u00f8r kurset starter. Vi forbeholder oss rett til, uten kompensasjon, \u00e5 annullere et seminar senest 24 timer f\u00f8r seminarets start.\r\n\r\nVelkommen![\/vc_column_text][\/vc_column][\/vc_row]\n\r\n\r\n\r\n\r","protected":false},"excerpt":{"rendered":"<p>[vc_row][vc_column][vc_column_text]Kursbeskrivelse: Dette er et to-dagers seminar for deg &#8211; en l\u00e6rling som har jobbet i faget i minst ett \u00e5r og vil utvikle deg videre som fargeexpert. V\u00e5re dyktige konsulenter i L&#8217;Or\u00e9al vil hjelpe deg med \u00e5 f\u00e5 ekspertise p\u00e5 [&hellip;]<\/p>\n","protected":false},"author":1,"featured_media":8418,"template":"","meta":{"_tribe_events_status":"","_tribe_events_status_reason":"","footnotes":""},"tags":[241,262,249,242],"tribe_events_cat":[256],"yoast_head":"<!-- This site is optimized with the Yoast SEO plugin v24.5 - https:\/\/yoast.com\/wordpress\/plugins\/seo\/ -->\n<title>L&#039;Oreal Professionnel Color Keys 2 L\u00e6rlinger - Digital - Marketwell<\/title>\n<meta name=\"robots\" content=\"index, follow, max-snippet:-1, max-image-preview:large, max-video-preview:-1\" \/>\n<link rel=\"canonical\" href=\"https:\/\/marketwell.no\/no\/event\/loreal-professionnel-color-keys-2-laerlinger-digital\/\" \/>\n<meta property=\"og:locale\" content=\"nb_NO\" \/>\n<meta property=\"og:type\" content=\"article\" \/>\n<meta property=\"og:title\" content=\"L&#039;Oreal Professionnel Color Keys 2 L\u00e6rlinger - Digital - Marketwell\" \/>\n<meta property=\"og:description\" content=\"[vc_row][vc_column][vc_column_text]Kursbeskrivelse: Dette er et to-dagers seminar for deg &#8211; en l\u00e6rling som har jobbet i faget i minst ett \u00e5r og vil utvikle deg videre som fargeexpert. V\u00e5re dyktige konsulenter i L&#8217;Or\u00e9al vil hjelpe deg med \u00e5 f\u00e5 ekspertise p\u00e5 [&hellip;]\" \/>\n<meta property=\"og:url\" content=\"https:\/\/marketwell.no\/no\/event\/loreal-professionnel-color-keys-2-laerlinger-digital\/\" \/>\n<meta property=\"og:site_name\" content=\"Marketwell\" \/>\n<meta property=\"article:publisher\" content=\"https:\/\/www.facebook.com\/marketwellnorge\" \/>\n<meta property=\"article:modified_time\" content=\"2021-09-13T08:13:57+00:00\" \/>\n<meta property=\"og:image\" content=\"https:\/\/marketwell.no\/wp-content\/uploads\/2021\/09\/loral-pro-image-medium.jpeg\" \/>\n\t<meta property=\"og:image:width\" content=\"300\" \/>\n\t<meta property=\"og:image:height\" content=\"172\" \/>\n\t<meta property=\"og:image:type\" content=\"image\/jpeg\" \/>\n<meta name=\"twitter:card\" content=\"summary_large_image\" \/>\n<meta name=\"twitter:label1\" content=\"Ansl. lesetid\" \/>\n\t<meta name=\"twitter:data1\" content=\"2 minutter\" \/>\n<script type=\"application\/ld+json\" class=\"yoast-schema-graph\">{\"@context\":\"https:\/\/schema.org\",\"@graph\":[{\"@type\":\"WebPage\",\"@id\":\"https:\/\/marketwell.no\/no\/event\/loreal-professionnel-color-keys-2-laerlinger-digital\/\",\"url\":\"https:\/\/marketwell.no\/no\/event\/loreal-professionnel-color-keys-2-laerlinger-digital\/\",\"name\":\"L'Oreal Professionnel Color Keys 2 L\u00e6rlinger - Digital - Marketwell\",\"isPartOf\":{\"@id\":\"https:\/\/marketwell.no\/no\/#website\"},\"primaryImageOfPage\":{\"@id\":\"https:\/\/marketwell.no\/no\/event\/loreal-professionnel-color-keys-2-laerlinger-digital\/#primaryimage\"},\"image\":{\"@id\":\"https:\/\/marketwell.no\/no\/event\/loreal-professionnel-color-keys-2-laerlinger-digital\/#primaryimage\"},\"thumbnailUrl\":\"https:\/\/marketwell.no\/wp-content\/uploads\/2021\/09\/loral-pro-image-medium.jpeg\",\"datePublished\":\"2021-09-13T08:13:54+00:00\",\"dateModified\":\"2021-09-13T08:13:57+00:00\",\"breadcrumb\":{\"@id\":\"https:\/\/marketwell.no\/no\/event\/loreal-professionnel-color-keys-2-laerlinger-digital\/#breadcrumb\"},\"inLanguage\":\"nb-NO\",\"potentialAction\":[{\"@type\":\"ReadAction\",\"target\":[\"https:\/\/marketwell.no\/no\/event\/loreal-professionnel-color-keys-2-laerlinger-digital\/\"]}]},{\"@type\":\"ImageObject\",\"inLanguage\":\"nb-NO\",\"@id\":\"https:\/\/marketwell.no\/no\/event\/loreal-professionnel-color-keys-2-laerlinger-digital\/#primaryimage\",\"url\":\"https:\/\/marketwell.no\/wp-content\/uploads\/2021\/09\/loral-pro-image-medium.jpeg\",\"contentUrl\":\"https:\/\/marketwell.no\/wp-content\/uploads\/2021\/09\/loral-pro-image-medium.jpeg\",\"width\":300,\"height\":172},{\"@type\":\"BreadcrumbList\",\"@id\":\"https:\/\/marketwell.no\/no\/event\/loreal-professionnel-color-keys-2-laerlinger-digital\/#breadcrumb\",\"itemListElement\":[{\"@type\":\"ListItem\",\"position\":1,\"name\":\"Hjem\",\"item\":\"https:\/\/marketwell.no\/no\/\"},{\"@type\":\"ListItem\",\"position\":2,\"name\":\"Arrangementer\",\"item\":\"https:\/\/marketwell.no\/no\/events\/\"},{\"@type\":\"ListItem\",\"position\":3,\"name\":\"L&#8217;Oreal Professionnel Color Keys 2 L\u00e6rlinger &#8211; Digital\"}]},{\"@type\":\"WebSite\",\"@id\":\"https:\/\/marketwell.no\/no\/#website\",\"url\":\"https:\/\/marketwell.no\/no\/\",\"name\":\"Marketwell\",\"description\":\"Tid for \u00e5 forenkle \",\"publisher\":{\"@id\":\"https:\/\/marketwell.no\/no\/#organization\"},\"potentialAction\":[{\"@type\":\"SearchAction\",\"target\":{\"@type\":\"EntryPoint\",\"urlTemplate\":\"https:\/\/marketwell.no\/no\/?s={search_term_string}\"},\"query-input\":{\"@type\":\"PropertyValueSpecification\",\"valueRequired\":true,\"valueName\":\"search_term_string\"}}],\"inLanguage\":\"nb-NO\"},{\"@type\":\"Organization\",\"@id\":\"https:\/\/marketwell.no\/no\/#organization\",\"name\":\"Marketwell\",\"url\":\"https:\/\/marketwell.no\/no\/\",\"logo\":{\"@type\":\"ImageObject\",\"inLanguage\":\"nb-NO\",\"@id\":\"https:\/\/marketwell.no\/no\/#\/schema\/logo\/image\/\",\"url\":\"https:\/\/marketwell.no\/wp-content\/uploads\/2020\/06\/MWlogo-transparent-bakkgrunn-1-e1623514698867.png\",\"contentUrl\":\"https:\/\/marketwell.no\/wp-content\/uploads\/2020\/06\/MWlogo-transparent-bakkgrunn-1-e1623514698867.png\",\"width\":509,\"height\":239,\"caption\":\"Marketwell\"},\"image\":{\"@id\":\"https:\/\/marketwell.no\/no\/#\/schema\/logo\/image\/\"},\"sameAs\":[\"https:\/\/www.facebook.com\/marketwellnorge\",\"https:\/\/www.instagram.com\/marketwell_as\/\",\"https:\/\/no.pinterest.com\/marketwell\/\",\"https:\/\/www.youtube.com\/channel\/UCfhYr0EHoJP9xPpxp0Sqc5Q\"]}]}<\/script>\n<!-- \/ Yoast SEO plugin. -->","yoast_head_json":{"title":"L'Oreal Professionnel Color Keys 2 L\u00e6rlinger - Digital - Marketwell","robots":{"index":"index","follow":"follow","max-snippet":"max-snippet:-1","max-image-preview":"max-image-preview:large","max-video-preview":"max-video-preview:-1"},"canonical":"https:\/\/marketwell.no\/no\/event\/loreal-professionnel-color-keys-2-laerlinger-digital\/","og_locale":"nb_NO","og_type":"article","og_title":"L'Oreal Professionnel Color Keys 2 L\u00e6rlinger - Digital - Marketwell","og_description":"[vc_row][vc_column][vc_column_text]Kursbeskrivelse: Dette er et to-dagers seminar for deg &#8211; en l\u00e6rling som har jobbet i faget i minst ett \u00e5r og vil utvikle deg videre som fargeexpert. V\u00e5re dyktige konsulenter i L&#8217;Or\u00e9al vil hjelpe deg med \u00e5 f\u00e5 ekspertise p\u00e5 [&hellip;]","og_url":"https:\/\/marketwell.no\/no\/event\/loreal-professionnel-color-keys-2-laerlinger-digital\/","og_site_name":"Marketwell","article_publisher":"https:\/\/www.facebook.com\/marketwellnorge","article_modified_time":"2021-09-13T08:13:57+00:00","og_image":[{"width":300,"height":172,"url":"https:\/\/marketwell.no\/wp-content\/uploads\/2021\/09\/loral-pro-image-medium.jpeg","type":"image\/jpeg"}],"twitter_card":"summary_large_image","twitter_misc":{"Ansl. lesetid":"2 minutter"},"schema":{"@context":"https:\/\/schema.org","@graph":[{"@type":"WebPage","@id":"https:\/\/marketwell.no\/no\/event\/loreal-professionnel-color-keys-2-laerlinger-digital\/","url":"https:\/\/marketwell.no\/no\/event\/loreal-professionnel-color-keys-2-laerlinger-digital\/","name":"L'Oreal Professionnel Color Keys 2 L\u00e6rlinger - Digital - Marketwell","isPartOf":{"@id":"https:\/\/marketwell.no\/no\/#website"},"primaryImageOfPage":{"@id":"https:\/\/marketwell.no\/no\/event\/loreal-professionnel-color-keys-2-laerlinger-digital\/#primaryimage"},"image":{"@id":"https:\/\/marketwell.no\/no\/event\/loreal-professionnel-color-keys-2-laerlinger-digital\/#primaryimage"},"thumbnailUrl":"https:\/\/marketwell.no\/wp-content\/uploads\/2021\/09\/loral-pro-image-medium.jpeg","datePublished":"2021-09-13T08:13:54+00:00","dateModified":"2021-09-13T08:13:57+00:00","breadcrumb":{"@id":"https:\/\/marketwell.no\/no\/event\/loreal-professionnel-color-keys-2-laerlinger-digital\/#breadcrumb"},"inLanguage":"nb-NO","potentialAction":[{"@type":"ReadAction","target":["https:\/\/marketwell.no\/no\/event\/loreal-professionnel-color-keys-2-laerlinger-digital\/"]}]},{"@type":"ImageObject","inLanguage":"nb-NO","@id":"https:\/\/marketwell.no\/no\/event\/loreal-professionnel-color-keys-2-laerlinger-digital\/#primaryimage","url":"https:\/\/marketwell.no\/wp-content\/uploads\/2021\/09\/loral-pro-image-medium.jpeg","contentUrl":"https:\/\/marketwell.no\/wp-content\/uploads\/2021\/09\/loral-pro-image-medium.jpeg","width":300,"height":172},{"@type":"BreadcrumbList","@id":"https:\/\/marketwell.no\/no\/event\/loreal-professionnel-color-keys-2-laerlinger-digital\/#breadcrumb","itemListElement":[{"@type":"ListItem","position":1,"name":"Hjem","item":"https:\/\/marketwell.no\/no\/"},{"@type":"ListItem","position":2,"name":"Arrangementer","item":"https:\/\/marketwell.no\/no\/events\/"},{"@type":"ListItem","position":3,"name":"L&#8217;Oreal Professionnel Color Keys 2 L\u00e6rlinger &#8211; Digital"}]},{"@type":"WebSite","@id":"https:\/\/marketwell.no\/no\/#website","url":"https:\/\/marketwell.no\/no\/","name":"Marketwell","description":"Tid for \u00e5 forenkle ","publisher":{"@id":"https:\/\/marketwell.no\/no\/#organization"},"potentialAction":[{"@type":"SearchAction","target":{"@type":"EntryPoint","urlTemplate":"https:\/\/marketwell.no\/no\/?s={search_term_string}"},"query-input":{"@type":"PropertyValueSpecification","valueRequired":true,"valueName":"search_term_string"}}],"inLanguage":"nb-NO"},{"@type":"Organization","@id":"https:\/\/marketwell.no\/no\/#organization","name":"Marketwell","url":"https:\/\/marketwell.no\/no\/","logo":{"@type":"ImageObject","inLanguage":"nb-NO","@id":"https:\/\/marketwell.no\/no\/#\/schema\/logo\/image\/","url":"https:\/\/marketwell.no\/wp-content\/uploads\/2020\/06\/MWlogo-transparent-bakkgrunn-1-e1623514698867.png","contentUrl":"https:\/\/marketwell.no\/wp-content\/uploads\/2020\/06\/MWlogo-transparent-bakkgrunn-1-e1623514698867.png","width":509,"height":239,"caption":"Marketwell"},"image":{"@id":"https:\/\/marketwell.no\/no\/#\/schema\/logo\/image\/"},"sameAs":["https:\/\/www.facebook.com\/marketwellnorge","https:\/\/www.instagram.com\/marketwell_as\/","https:\/\/no.pinterest.com\/marketwell\/","https:\/\/www.youtube.com\/channel\/UCfhYr0EHoJP9xPpxp0Sqc5Q"]}]}},"jetpack_sharing_enabled":true,"_links":{"self":[{"href":"https:\/\/marketwell.no\/no\/wp-json\/wp\/v2\/tribe_events\/8549"}],"collection":[{"href":"https:\/\/marketwell.no\/no\/wp-json\/wp\/v2\/tribe_events"}],"about":[{"href":"https:\/\/marketwell.no\/no\/wp-json\/wp\/v2\/types\/tribe_events"}],"author":[{"embeddable":true,"href":"https:\/\/marketwell.no\/no\/wp-json\/wp\/v2\/users\/1"}],"version-history":[{"count":2,"href":"https:\/\/marketwell.no\/no\/wp-json\/wp\/v2\/tribe_events\/8549\/revisions"}],"predecessor-version":[{"id":8551,"href":"https:\/\/marketwell.no\/no\/wp-json\/wp\/v2\/tribe_events\/8549\/revisions\/8551"}],"wp:featuredmedia":[{"embeddable":true,"href":"https:\/\/marketwell.no\/no\/wp-json\/wp\/v2\/media\/8418"}],"wp:attachment":[{"href":"https:\/\/marketwell.no\/no\/wp-json\/wp\/v2\/media?parent=8549"}],"wp:term":[{"taxonomy":"post_tag","embeddable":true,"href":"https:\/\/marketwell.no\/no\/wp-json\/wp\/v2\/tags?post=8549"},{"taxonomy":"tribe_events_cat","embeddable":true,"href":"https:\/\/marketwell.no\/no\/wp-json\/wp\/v2\/tribe_events_cat?post=8549"}],"curies":[{"name":"wp","href":"https:\/\/api.w.org\/{rel}","templated":true}]}}