{"id":8561,"date":"2021-09-13T10:29:29","date_gmt":"2021-09-13T08:29:29","guid":{"rendered":"https:\/\/marketwell.no\/?post_type=tribe_events&#038;p=8561"},"modified":"2021-09-13T10:29:32","modified_gmt":"2021-09-13T08:29:32","slug":"loreal-professionnel-color-placement-oslo","status":"publish","type":"tribe_events","link":"https:\/\/marketwell.no\/no\/event\/loreal-professionnel-color-placement-oslo\/","title":{"rendered":"L&#8217;Oreal Professionnel Color Placement &#8211; OSLO"},"content":{"rendered":"\n\r\n\r\n\r[vc_row][vc_column][vc_column_text]<strong>COLOR PLACEMENT HANDS-ON FARGE TEKNIKK KURS OFFLINE<\/strong>\r\n\r\n<strong>Kursbeskrivelse:\r\n<\/strong>Vi fortsetter v\u00e5r franske historie og inviterer deg til \u00e5 bli kjent med den nye L&#8217;Oreal Professionnel sin trend French Glossing. Det er et kurs for deg som \u00f8nsker \u00e5 l\u00e6re om fargetilpasning som en teknikk som blir brukt til \u00e5 lage s\u00f8ml\u00f8se og feilfrie farger resultater fra rot til spiss tross sone forskjeller ved \u00e5 kombinere flere fargeserier i ett og samme h\u00e5r for \u00e5 skape og glansfull , rik og holdbar farge. F\u00e5 en god veiledning fra v\u00e5re farger eksperter som vi gi deg mer trygghet i salongen.\r\n\r\n<strong>Kursets varighet:\u00a0<\/strong>\u00a03 Timer\r\n\r\n<strong>Undervisningstype:\u00a0<\/strong> Dette er et offline kurs med L&#8217;Or\u00e9al konsulenter og vil gi deg et hotell\/konferanse rom\r\n\r\n<strong>Sted og dato:<\/strong> L Oreal Norge, Lysaker Torg 35, 1327 Lysaker\r\n<strong>16.November, <\/strong>Kl\u00a017.00-20.00\r\n\r\n<strong>Verkt\u00f8yliste:<\/strong>\u00a0Rundb\u00f8rste og f\u00f8hn, alt annet f\u00e5r du p\u00e5 kurset.\r\n\r\n<strong>Pris ekskl.\u00a0moms:<\/strong>\u00a01950 NOK, eks.MVA, inkl mannequin hoder, produkter, materiell, lunsj og diplom\r\n\r\nP\u00c5MELDING <a href=\"https:\/\/no.lorealaccess.com\/learn\/course\/internal\/view\/classroom\/39515\/16-novcolor-placement-oslopris-1950\">HER<\/a>\r\n\r\nL&#8217;Or\u00e9al Access er \u00e5pen for alle fris\u00f8rer men til info n\u00e5r du melder deg p\u00e5 seminar skal du v\u00e6re oppmerksom p\u00e5 at du skal ha ditt kundenummer registrert i dine profil opplysninger. Hvis du ikke har et L&#8217;Or\u00e9al-kundenummer, ber vi deg om \u00e5 kontakte lorealaccess.no@loreal.com.\r\n\r\nAnnullering av et seminar kan kun skje ved \u00e5 sende epost til \u00a0lorealaccess.no@loreal.com senest 24 timer f\u00f8r kurset starter. Vi forbeholder oss rett til, uten kompensasjon, \u00e5 annullere et seminar senest 24 timer f\u00f8r seminarets start.\r\n\r\nVelkommen![\/vc_column_text][\/vc_column][\/vc_row]\n\r\n\r\n\r\n\r","protected":false},"excerpt":{"rendered":"<p>[vc_row][vc_column][vc_column_text]COLOR PLACEMENT HANDS-ON FARGE TEKNIKK KURS OFFLINE Kursbeskrivelse: Vi fortsetter v\u00e5r franske historie og inviterer deg til \u00e5 bli kjent med den nye L&#8217;Oreal Professionnel sin trend French Glossing. Det er et kurs for deg som \u00f8nsker \u00e5 l\u00e6re om [&hellip;]<\/p>\n","protected":false},"author":1,"featured_media":8418,"template":"","meta":{"_tribe_events_status":"","_tribe_events_status_reason":"","footnotes":""},"tags":[241,249,248,263],"tribe_events_cat":[256],"yoast_head":"<!-- This site is optimized with the Yoast SEO plugin v24.5 - https:\/\/yoast.com\/wordpress\/plugins\/seo\/ -->\n<title>L&#039;Oreal Professionnel Color Placement - OSLO - Marketwell<\/title>\n<meta name=\"robots\" content=\"index, follow, max-snippet:-1, max-image-preview:large, max-video-preview:-1\" \/>\n<link rel=\"canonical\" href=\"https:\/\/marketwell.no\/no\/event\/loreal-professionnel-color-placement-oslo\/\" \/>\n<meta property=\"og:locale\" content=\"nb_NO\" \/>\n<meta property=\"og:type\" content=\"article\" \/>\n<meta property=\"og:title\" content=\"L&#039;Oreal Professionnel Color Placement - OSLO - Marketwell\" \/>\n<meta property=\"og:description\" content=\"[vc_row][vc_column][vc_column_text]COLOR PLACEMENT HANDS-ON FARGE TEKNIKK KURS OFFLINE Kursbeskrivelse: Vi fortsetter v\u00e5r franske historie og inviterer deg til \u00e5 bli kjent med den nye L&#8217;Oreal Professionnel sin trend French Glossing. Det er et kurs for deg som \u00f8nsker \u00e5 l\u00e6re om [&hellip;]\" \/>\n<meta property=\"og:url\" content=\"https:\/\/marketwell.no\/no\/event\/loreal-professionnel-color-placement-oslo\/\" \/>\n<meta property=\"og:site_name\" content=\"Marketwell\" \/>\n<meta property=\"article:publisher\" content=\"https:\/\/www.facebook.com\/marketwellnorge\" \/>\n<meta property=\"article:modified_time\" content=\"2021-09-13T08:29:32+00:00\" \/>\n<meta property=\"og:image\" content=\"https:\/\/marketwell.no\/wp-content\/uploads\/2021\/09\/loral-pro-image-medium.jpeg\" \/>\n\t<meta property=\"og:image:width\" content=\"300\" \/>\n\t<meta property=\"og:image:height\" content=\"172\" \/>\n\t<meta property=\"og:image:type\" content=\"image\/jpeg\" \/>\n<meta name=\"twitter:card\" content=\"summary_large_image\" \/>\n<meta name=\"twitter:label1\" content=\"Ansl. lesetid\" \/>\n\t<meta name=\"twitter:data1\" content=\"2 minutter\" \/>\n<script type=\"application\/ld+json\" class=\"yoast-schema-graph\">{\"@context\":\"https:\/\/schema.org\",\"@graph\":[{\"@type\":\"WebPage\",\"@id\":\"https:\/\/marketwell.no\/no\/event\/loreal-professionnel-color-placement-oslo\/\",\"url\":\"https:\/\/marketwell.no\/no\/event\/loreal-professionnel-color-placement-oslo\/\",\"name\":\"L'Oreal Professionnel Color Placement - OSLO - Marketwell\",\"isPartOf\":{\"@id\":\"https:\/\/marketwell.no\/no\/#website\"},\"primaryImageOfPage\":{\"@id\":\"https:\/\/marketwell.no\/no\/event\/loreal-professionnel-color-placement-oslo\/#primaryimage\"},\"image\":{\"@id\":\"https:\/\/marketwell.no\/no\/event\/loreal-professionnel-color-placement-oslo\/#primaryimage\"},\"thumbnailUrl\":\"https:\/\/marketwell.no\/wp-content\/uploads\/2021\/09\/loral-pro-image-medium.jpeg\",\"datePublished\":\"2021-09-13T08:29:29+00:00\",\"dateModified\":\"2021-09-13T08:29:32+00:00\",\"breadcrumb\":{\"@id\":\"https:\/\/marketwell.no\/no\/event\/loreal-professionnel-color-placement-oslo\/#breadcrumb\"},\"inLanguage\":\"nb-NO\",\"potentialAction\":[{\"@type\":\"ReadAction\",\"target\":[\"https:\/\/marketwell.no\/no\/event\/loreal-professionnel-color-placement-oslo\/\"]}]},{\"@type\":\"ImageObject\",\"inLanguage\":\"nb-NO\",\"@id\":\"https:\/\/marketwell.no\/no\/event\/loreal-professionnel-color-placement-oslo\/#primaryimage\",\"url\":\"https:\/\/marketwell.no\/wp-content\/uploads\/2021\/09\/loral-pro-image-medium.jpeg\",\"contentUrl\":\"https:\/\/marketwell.no\/wp-content\/uploads\/2021\/09\/loral-pro-image-medium.jpeg\",\"width\":300,\"height\":172},{\"@type\":\"BreadcrumbList\",\"@id\":\"https:\/\/marketwell.no\/no\/event\/loreal-professionnel-color-placement-oslo\/#breadcrumb\",\"itemListElement\":[{\"@type\":\"ListItem\",\"position\":1,\"name\":\"Hjem\",\"item\":\"https:\/\/marketwell.no\/no\/\"},{\"@type\":\"ListItem\",\"position\":2,\"name\":\"Arrangementer\",\"item\":\"https:\/\/marketwell.no\/no\/events\/\"},{\"@type\":\"ListItem\",\"position\":3,\"name\":\"L&#8217;Oreal Professionnel Color Placement &#8211; OSLO\"}]},{\"@type\":\"WebSite\",\"@id\":\"https:\/\/marketwell.no\/no\/#website\",\"url\":\"https:\/\/marketwell.no\/no\/\",\"name\":\"Marketwell\",\"description\":\"Tid for \u00e5 forenkle \",\"publisher\":{\"@id\":\"https:\/\/marketwell.no\/no\/#organization\"},\"potentialAction\":[{\"@type\":\"SearchAction\",\"target\":{\"@type\":\"EntryPoint\",\"urlTemplate\":\"https:\/\/marketwell.no\/no\/?s={search_term_string}\"},\"query-input\":{\"@type\":\"PropertyValueSpecification\",\"valueRequired\":true,\"valueName\":\"search_term_string\"}}],\"inLanguage\":\"nb-NO\"},{\"@type\":\"Organization\",\"@id\":\"https:\/\/marketwell.no\/no\/#organization\",\"name\":\"Marketwell\",\"url\":\"https:\/\/marketwell.no\/no\/\",\"logo\":{\"@type\":\"ImageObject\",\"inLanguage\":\"nb-NO\",\"@id\":\"https:\/\/marketwell.no\/no\/#\/schema\/logo\/image\/\",\"url\":\"https:\/\/marketwell.no\/wp-content\/uploads\/2020\/06\/MWlogo-transparent-bakkgrunn-1-e1623514698867.png\",\"contentUrl\":\"https:\/\/marketwell.no\/wp-content\/uploads\/2020\/06\/MWlogo-transparent-bakkgrunn-1-e1623514698867.png\",\"width\":509,\"height\":239,\"caption\":\"Marketwell\"},\"image\":{\"@id\":\"https:\/\/marketwell.no\/no\/#\/schema\/logo\/image\/\"},\"sameAs\":[\"https:\/\/www.facebook.com\/marketwellnorge\",\"https:\/\/www.instagram.com\/marketwell_as\/\",\"https:\/\/no.pinterest.com\/marketwell\/\",\"https:\/\/www.youtube.com\/channel\/UCfhYr0EHoJP9xPpxp0Sqc5Q\"]}]}<\/script>\n<!-- \/ Yoast SEO plugin. -->","yoast_head_json":{"title":"L'Oreal Professionnel Color Placement - OSLO - Marketwell","robots":{"index":"index","follow":"follow","max-snippet":"max-snippet:-1","max-image-preview":"max-image-preview:large","max-video-preview":"max-video-preview:-1"},"canonical":"https:\/\/marketwell.no\/no\/event\/loreal-professionnel-color-placement-oslo\/","og_locale":"nb_NO","og_type":"article","og_title":"L'Oreal Professionnel Color Placement - OSLO - Marketwell","og_description":"[vc_row][vc_column][vc_column_text]COLOR PLACEMENT HANDS-ON FARGE TEKNIKK KURS OFFLINE Kursbeskrivelse: Vi fortsetter v\u00e5r franske historie og inviterer deg til \u00e5 bli kjent med den nye L&#8217;Oreal Professionnel sin trend French Glossing. Det er et kurs for deg som \u00f8nsker \u00e5 l\u00e6re om [&hellip;]","og_url":"https:\/\/marketwell.no\/no\/event\/loreal-professionnel-color-placement-oslo\/","og_site_name":"Marketwell","article_publisher":"https:\/\/www.facebook.com\/marketwellnorge","article_modified_time":"2021-09-13T08:29:32+00:00","og_image":[{"width":300,"height":172,"url":"https:\/\/marketwell.no\/wp-content\/uploads\/2021\/09\/loral-pro-image-medium.jpeg","type":"image\/jpeg"}],"twitter_card":"summary_large_image","twitter_misc":{"Ansl. lesetid":"2 minutter"},"schema":{"@context":"https:\/\/schema.org","@graph":[{"@type":"WebPage","@id":"https:\/\/marketwell.no\/no\/event\/loreal-professionnel-color-placement-oslo\/","url":"https:\/\/marketwell.no\/no\/event\/loreal-professionnel-color-placement-oslo\/","name":"L'Oreal Professionnel Color Placement - OSLO - Marketwell","isPartOf":{"@id":"https:\/\/marketwell.no\/no\/#website"},"primaryImageOfPage":{"@id":"https:\/\/marketwell.no\/no\/event\/loreal-professionnel-color-placement-oslo\/#primaryimage"},"image":{"@id":"https:\/\/marketwell.no\/no\/event\/loreal-professionnel-color-placement-oslo\/#primaryimage"},"thumbnailUrl":"https:\/\/marketwell.no\/wp-content\/uploads\/2021\/09\/loral-pro-image-medium.jpeg","datePublished":"2021-09-13T08:29:29+00:00","dateModified":"2021-09-13T08:29:32+00:00","breadcrumb":{"@id":"https:\/\/marketwell.no\/no\/event\/loreal-professionnel-color-placement-oslo\/#breadcrumb"},"inLanguage":"nb-NO","potentialAction":[{"@type":"ReadAction","target":["https:\/\/marketwell.no\/no\/event\/loreal-professionnel-color-placement-oslo\/"]}]},{"@type":"ImageObject","inLanguage":"nb-NO","@id":"https:\/\/marketwell.no\/no\/event\/loreal-professionnel-color-placement-oslo\/#primaryimage","url":"https:\/\/marketwell.no\/wp-content\/uploads\/2021\/09\/loral-pro-image-medium.jpeg","contentUrl":"https:\/\/marketwell.no\/wp-content\/uploads\/2021\/09\/loral-pro-image-medium.jpeg","width":300,"height":172},{"@type":"BreadcrumbList","@id":"https:\/\/marketwell.no\/no\/event\/loreal-professionnel-color-placement-oslo\/#breadcrumb","itemListElement":[{"@type":"ListItem","position":1,"name":"Hjem","item":"https:\/\/marketwell.no\/no\/"},{"@type":"ListItem","position":2,"name":"Arrangementer","item":"https:\/\/marketwell.no\/no\/events\/"},{"@type":"ListItem","position":3,"name":"L&#8217;Oreal Professionnel Color Placement &#8211; OSLO"}]},{"@type":"WebSite","@id":"https:\/\/marketwell.no\/no\/#website","url":"https:\/\/marketwell.no\/no\/","name":"Marketwell","description":"Tid for \u00e5 forenkle ","publisher":{"@id":"https:\/\/marketwell.no\/no\/#organization"},"potentialAction":[{"@type":"SearchAction","target":{"@type":"EntryPoint","urlTemplate":"https:\/\/marketwell.no\/no\/?s={search_term_string}"},"query-input":{"@type":"PropertyValueSpecification","valueRequired":true,"valueName":"search_term_string"}}],"inLanguage":"nb-NO"},{"@type":"Organization","@id":"https:\/\/marketwell.no\/no\/#organization","name":"Marketwell","url":"https:\/\/marketwell.no\/no\/","logo":{"@type":"ImageObject","inLanguage":"nb-NO","@id":"https:\/\/marketwell.no\/no\/#\/schema\/logo\/image\/","url":"https:\/\/marketwell.no\/wp-content\/uploads\/2020\/06\/MWlogo-transparent-bakkgrunn-1-e1623514698867.png","contentUrl":"https:\/\/marketwell.no\/wp-content\/uploads\/2020\/06\/MWlogo-transparent-bakkgrunn-1-e1623514698867.png","width":509,"height":239,"caption":"Marketwell"},"image":{"@id":"https:\/\/marketwell.no\/no\/#\/schema\/logo\/image\/"},"sameAs":["https:\/\/www.facebook.com\/marketwellnorge","https:\/\/www.instagram.com\/marketwell_as\/","https:\/\/no.pinterest.com\/marketwell\/","https:\/\/www.youtube.com\/channel\/UCfhYr0EHoJP9xPpxp0Sqc5Q"]}]}},"jetpack_sharing_enabled":true,"_links":{"self":[{"href":"https:\/\/marketwell.no\/no\/wp-json\/wp\/v2\/tribe_events\/8561"}],"collection":[{"href":"https:\/\/marketwell.no\/no\/wp-json\/wp\/v2\/tribe_events"}],"about":[{"href":"https:\/\/marketwell.no\/no\/wp-json\/wp\/v2\/types\/tribe_events"}],"author":[{"embeddable":true,"href":"https:\/\/marketwell.no\/no\/wp-json\/wp\/v2\/users\/1"}],"version-history":[{"count":2,"href":"https:\/\/marketwell.no\/no\/wp-json\/wp\/v2\/tribe_events\/8561\/revisions"}],"predecessor-version":[{"id":8563,"href":"https:\/\/marketwell.no\/no\/wp-json\/wp\/v2\/tribe_events\/8561\/revisions\/8563"}],"wp:featuredmedia":[{"embeddable":true,"href":"https:\/\/marketwell.no\/no\/wp-json\/wp\/v2\/media\/8418"}],"wp:attachment":[{"href":"https:\/\/marketwell.no\/no\/wp-json\/wp\/v2\/media?parent=8561"}],"wp:term":[{"taxonomy":"post_tag","embeddable":true,"href":"https:\/\/marketwell.no\/no\/wp-json\/wp\/v2\/tags?post=8561"},{"taxonomy":"tribe_events_cat","embeddable":true,"href":"https:\/\/marketwell.no\/no\/wp-json\/wp\/v2\/tribe_events_cat?post=8561"}],"curies":[{"name":"wp","href":"https:\/\/api.w.org\/{rel}","templated":true}]}}