{"id":9188,"date":"2021-12-16T17:03:41","date_gmt":"2021-12-16T16:03:41","guid":{"rendered":"https:\/\/marketwell.no\/?post_type=tribe_events&#038;p=9188"},"modified":"2021-12-16T17:03:41","modified_gmt":"2021-12-16T16:03:41","slug":"loreal-professionnel-color-keys-1-laerlinger-digitalt","status":"publish","type":"tribe_events","link":"https:\/\/marketwell.no\/no\/event\/loreal-professionnel-color-keys-1-laerlinger-digitalt\/","title":{"rendered":"L&#8217;Oreal Professionnel Color Keys 1 L\u00e6rlinger &#8211; Digitalt"},"content":{"rendered":"<p>[vc_row][vc_column][vc_column_text]<\/p>\r\n\r\n<p>&nbsp;<\/p>\r\n\r\n<p>[\/vc_column_text][\/vc_column][\/vc_row][vc_row][vc_column][vc_column_text]<\/p>\r\n<p><strong>Kursbeskrivelse:<br \/><\/strong>L\u00e6r deg alt om fargeteori og viktige h\u00e5rfarge prinsipper<\/p>\r\n<p><strong>Kursets varighet:<br \/><\/strong>3 timer, KL 10:00-13:00<\/p>\r\n<p><strong>Undervisningstype:<br \/><\/strong>Dette er et online \u00a0kurs med L&#8217;Or\u00e9al konsulenter. Kurset er digitalt og vil foreg\u00e5 p\u00e5 din pc\/tablet.<\/p>\r\n<p>Ved p\u00e5melding vil du f\u00e5 tilsendt link til kurset.<\/p>\r\n<p><strong>Sted og dato:<br \/><\/strong>P\u00e5 din PC eller Tablett eller Smartphone, via App eller nettleseren<br \/>2.Februar, kl 10.00-13.00<\/p>\r\n<p><strong>Verkt\u00f8yliste:<br \/><\/strong>Pen og papir<\/p>\r\n<p><strong>Pris ekskl. moms:<br \/><\/strong>499 NOK<\/p>\r\n<p>P\u00c5MELDING <a href=\"https:\/\/no.lorealaccess.com\/learn\/course\/internal\/view\/classroom\/44496\/2-febr-color-keys-1-for-laerlinger-pris-499\">HER<\/a><\/p>\r\n<p>L&#8217;Or\u00e9al Access er \u00e5pen for alle fris\u00f8rer men til info n\u00e5r du melder deg p\u00e5 seminar skal du v\u00e6re oppmerksom p\u00e5 at du skal ha ditt kundenummer registrert i dine profil opplysninger. Hvis du ikke har et L&#8217;Or\u00e9al-kundenummer, ber vi deg om \u00e5 kontakte lorealaccess.no@loreal.com.<\/p>\r\n<p>Annullering av et seminar kan kun skje ved \u00e5 sende epost til \u00a0lorealaccess.no@loreal.com senest 24 timer f\u00f8r kurset starter. Vi forbeholder oss rett til, uten kompensasjon, \u00e5 annullere et seminar senest 24 timer f\u00f8r seminarets start.<\/p>\r\n<p>Velkommen!<\/p>\r\n<p>[\/vc_column_text][\/vc_column][\/vc_row][vc_row][vc_column][vc_column_text]<\/p>\r\n\r\n<p>&nbsp;<\/p>\r\n\r\n<p>&nbsp;<\/p>\r\n\r\n<p>[\/vc_column_text][\/vc_column][\/vc_row]<\/p>","protected":false},"excerpt":{"rendered":"<p>[vc_row][vc_column][vc_column_text] &nbsp; [\/vc_column_text][\/vc_column][\/vc_row][vc_row][vc_column][vc_column_text] Kursbeskrivelse:L\u00e6r deg alt om fargeteori og viktige h\u00e5rfarge prinsipper Kursets varighet:3 timer, KL 10:00-13:00 Undervisningstype:Dette er et online \u00a0kurs med L&#8217;Or\u00e9al konsulenter. Kurset er digitalt og vil foreg\u00e5 p\u00e5 din pc\/tablet. Ved p\u00e5melding vil du f\u00e5 tilsendt [&hellip;]<\/p>\n","protected":false},"author":1,"featured_media":8418,"template":"","meta":{"_tribe_events_status":"","_tribe_events_status_reason":"","footnotes":""},"tags":[362,241,262,247,249,242],"tribe_events_cat":[256],"yoast_head":"<!-- This site is optimized with the Yoast SEO plugin v24.5 - https:\/\/yoast.com\/wordpress\/plugins\/seo\/ -->\n<title>L&#039;Oreal Professionnel Color Keys 1 L\u00e6rlinger - Digitalt - Marketwell<\/title>\n<meta name=\"robots\" content=\"index, follow, max-snippet:-1, max-image-preview:large, max-video-preview:-1\" \/>\n<link rel=\"canonical\" href=\"https:\/\/marketwell.no\/no\/event\/loreal-professionnel-color-keys-1-laerlinger-digitalt\/\" \/>\n<meta property=\"og:locale\" content=\"nb_NO\" \/>\n<meta property=\"og:type\" content=\"article\" \/>\n<meta property=\"og:title\" content=\"L&#039;Oreal Professionnel Color Keys 1 L\u00e6rlinger - Digitalt - Marketwell\" \/>\n<meta property=\"og:description\" content=\"[vc_row][vc_column][vc_column_text] &nbsp; [\/vc_column_text][\/vc_column][\/vc_row][vc_row][vc_column][vc_column_text] Kursbeskrivelse:L\u00e6r deg alt om fargeteori og viktige h\u00e5rfarge prinsipper Kursets varighet:3 timer, KL 10:00-13:00 Undervisningstype:Dette er et online \u00a0kurs med L&#8217;Or\u00e9al konsulenter. Kurset er digitalt og vil foreg\u00e5 p\u00e5 din pc\/tablet. Ved p\u00e5melding vil du f\u00e5 tilsendt [&hellip;]\" \/>\n<meta property=\"og:url\" content=\"https:\/\/marketwell.no\/no\/event\/loreal-professionnel-color-keys-1-laerlinger-digitalt\/\" \/>\n<meta property=\"og:site_name\" content=\"Marketwell\" \/>\n<meta property=\"article:publisher\" content=\"https:\/\/www.facebook.com\/marketwellnorge\" \/>\n<meta property=\"og:image\" content=\"https:\/\/marketwell.no\/wp-content\/uploads\/2021\/09\/loral-pro-image-medium.jpeg\" \/>\n\t<meta property=\"og:image:width\" content=\"300\" \/>\n\t<meta property=\"og:image:height\" content=\"172\" \/>\n\t<meta property=\"og:image:type\" content=\"image\/jpeg\" \/>\n<meta name=\"twitter:card\" content=\"summary_large_image\" \/>\n<meta name=\"twitter:label1\" content=\"Ansl. lesetid\" \/>\n\t<meta name=\"twitter:data1\" content=\"1 minutt\" \/>\n<script type=\"application\/ld+json\" class=\"yoast-schema-graph\">{\"@context\":\"https:\/\/schema.org\",\"@graph\":[{\"@type\":\"WebPage\",\"@id\":\"https:\/\/marketwell.no\/no\/event\/loreal-professionnel-color-keys-1-laerlinger-digitalt\/\",\"url\":\"https:\/\/marketwell.no\/no\/event\/loreal-professionnel-color-keys-1-laerlinger-digitalt\/\",\"name\":\"L'Oreal Professionnel Color Keys 1 L\u00e6rlinger - Digitalt - Marketwell\",\"isPartOf\":{\"@id\":\"https:\/\/marketwell.no\/no\/#website\"},\"primaryImageOfPage\":{\"@id\":\"https:\/\/marketwell.no\/no\/event\/loreal-professionnel-color-keys-1-laerlinger-digitalt\/#primaryimage\"},\"image\":{\"@id\":\"https:\/\/marketwell.no\/no\/event\/loreal-professionnel-color-keys-1-laerlinger-digitalt\/#primaryimage\"},\"thumbnailUrl\":\"https:\/\/marketwell.no\/wp-content\/uploads\/2021\/09\/loral-pro-image-medium.jpeg\",\"datePublished\":\"2021-12-16T16:03:41+00:00\",\"breadcrumb\":{\"@id\":\"https:\/\/marketwell.no\/no\/event\/loreal-professionnel-color-keys-1-laerlinger-digitalt\/#breadcrumb\"},\"inLanguage\":\"nb-NO\",\"potentialAction\":[{\"@type\":\"ReadAction\",\"target\":[\"https:\/\/marketwell.no\/no\/event\/loreal-professionnel-color-keys-1-laerlinger-digitalt\/\"]}]},{\"@type\":\"ImageObject\",\"inLanguage\":\"nb-NO\",\"@id\":\"https:\/\/marketwell.no\/no\/event\/loreal-professionnel-color-keys-1-laerlinger-digitalt\/#primaryimage\",\"url\":\"https:\/\/marketwell.no\/wp-content\/uploads\/2021\/09\/loral-pro-image-medium.jpeg\",\"contentUrl\":\"https:\/\/marketwell.no\/wp-content\/uploads\/2021\/09\/loral-pro-image-medium.jpeg\",\"width\":300,\"height\":172},{\"@type\":\"BreadcrumbList\",\"@id\":\"https:\/\/marketwell.no\/no\/event\/loreal-professionnel-color-keys-1-laerlinger-digitalt\/#breadcrumb\",\"itemListElement\":[{\"@type\":\"ListItem\",\"position\":1,\"name\":\"Hjem\",\"item\":\"https:\/\/marketwell.no\/no\/\"},{\"@type\":\"ListItem\",\"position\":2,\"name\":\"Arrangementer\",\"item\":\"https:\/\/marketwell.no\/no\/events\/\"},{\"@type\":\"ListItem\",\"position\":3,\"name\":\"L&#8217;Oreal Professionnel Color Keys 1 L\u00e6rlinger &#8211; Digitalt\"}]},{\"@type\":\"WebSite\",\"@id\":\"https:\/\/marketwell.no\/no\/#website\",\"url\":\"https:\/\/marketwell.no\/no\/\",\"name\":\"Marketwell\",\"description\":\"Tid for \u00e5 forenkle \",\"publisher\":{\"@id\":\"https:\/\/marketwell.no\/no\/#organization\"},\"potentialAction\":[{\"@type\":\"SearchAction\",\"target\":{\"@type\":\"EntryPoint\",\"urlTemplate\":\"https:\/\/marketwell.no\/no\/?s={search_term_string}\"},\"query-input\":{\"@type\":\"PropertyValueSpecification\",\"valueRequired\":true,\"valueName\":\"search_term_string\"}}],\"inLanguage\":\"nb-NO\"},{\"@type\":\"Organization\",\"@id\":\"https:\/\/marketwell.no\/no\/#organization\",\"name\":\"Marketwell\",\"url\":\"https:\/\/marketwell.no\/no\/\",\"logo\":{\"@type\":\"ImageObject\",\"inLanguage\":\"nb-NO\",\"@id\":\"https:\/\/marketwell.no\/no\/#\/schema\/logo\/image\/\",\"url\":\"https:\/\/marketwell.no\/wp-content\/uploads\/2020\/06\/MWlogo-transparent-bakkgrunn-1-e1623514698867.png\",\"contentUrl\":\"https:\/\/marketwell.no\/wp-content\/uploads\/2020\/06\/MWlogo-transparent-bakkgrunn-1-e1623514698867.png\",\"width\":509,\"height\":239,\"caption\":\"Marketwell\"},\"image\":{\"@id\":\"https:\/\/marketwell.no\/no\/#\/schema\/logo\/image\/\"},\"sameAs\":[\"https:\/\/www.facebook.com\/marketwellnorge\",\"https:\/\/www.instagram.com\/marketwell_as\/\",\"https:\/\/no.pinterest.com\/marketwell\/\",\"https:\/\/www.youtube.com\/channel\/UCfhYr0EHoJP9xPpxp0Sqc5Q\"]}]}<\/script>\n<!-- \/ Yoast SEO plugin. -->","yoast_head_json":{"title":"L'Oreal Professionnel Color Keys 1 L\u00e6rlinger - Digitalt - Marketwell","robots":{"index":"index","follow":"follow","max-snippet":"max-snippet:-1","max-image-preview":"max-image-preview:large","max-video-preview":"max-video-preview:-1"},"canonical":"https:\/\/marketwell.no\/no\/event\/loreal-professionnel-color-keys-1-laerlinger-digitalt\/","og_locale":"nb_NO","og_type":"article","og_title":"L'Oreal Professionnel Color Keys 1 L\u00e6rlinger - Digitalt - Marketwell","og_description":"[vc_row][vc_column][vc_column_text] &nbsp; [\/vc_column_text][\/vc_column][\/vc_row][vc_row][vc_column][vc_column_text] Kursbeskrivelse:L\u00e6r deg alt om fargeteori og viktige h\u00e5rfarge prinsipper Kursets varighet:3 timer, KL 10:00-13:00 Undervisningstype:Dette er et online \u00a0kurs med L&#8217;Or\u00e9al konsulenter. Kurset er digitalt og vil foreg\u00e5 p\u00e5 din pc\/tablet. Ved p\u00e5melding vil du f\u00e5 tilsendt [&hellip;]","og_url":"https:\/\/marketwell.no\/no\/event\/loreal-professionnel-color-keys-1-laerlinger-digitalt\/","og_site_name":"Marketwell","article_publisher":"https:\/\/www.facebook.com\/marketwellnorge","og_image":[{"width":300,"height":172,"url":"https:\/\/marketwell.no\/wp-content\/uploads\/2021\/09\/loral-pro-image-medium.jpeg","type":"image\/jpeg"}],"twitter_card":"summary_large_image","twitter_misc":{"Ansl. lesetid":"1 minutt"},"schema":{"@context":"https:\/\/schema.org","@graph":[{"@type":"WebPage","@id":"https:\/\/marketwell.no\/no\/event\/loreal-professionnel-color-keys-1-laerlinger-digitalt\/","url":"https:\/\/marketwell.no\/no\/event\/loreal-professionnel-color-keys-1-laerlinger-digitalt\/","name":"L'Oreal Professionnel Color Keys 1 L\u00e6rlinger - Digitalt - Marketwell","isPartOf":{"@id":"https:\/\/marketwell.no\/no\/#website"},"primaryImageOfPage":{"@id":"https:\/\/marketwell.no\/no\/event\/loreal-professionnel-color-keys-1-laerlinger-digitalt\/#primaryimage"},"image":{"@id":"https:\/\/marketwell.no\/no\/event\/loreal-professionnel-color-keys-1-laerlinger-digitalt\/#primaryimage"},"thumbnailUrl":"https:\/\/marketwell.no\/wp-content\/uploads\/2021\/09\/loral-pro-image-medium.jpeg","datePublished":"2021-12-16T16:03:41+00:00","breadcrumb":{"@id":"https:\/\/marketwell.no\/no\/event\/loreal-professionnel-color-keys-1-laerlinger-digitalt\/#breadcrumb"},"inLanguage":"nb-NO","potentialAction":[{"@type":"ReadAction","target":["https:\/\/marketwell.no\/no\/event\/loreal-professionnel-color-keys-1-laerlinger-digitalt\/"]}]},{"@type":"ImageObject","inLanguage":"nb-NO","@id":"https:\/\/marketwell.no\/no\/event\/loreal-professionnel-color-keys-1-laerlinger-digitalt\/#primaryimage","url":"https:\/\/marketwell.no\/wp-content\/uploads\/2021\/09\/loral-pro-image-medium.jpeg","contentUrl":"https:\/\/marketwell.no\/wp-content\/uploads\/2021\/09\/loral-pro-image-medium.jpeg","width":300,"height":172},{"@type":"BreadcrumbList","@id":"https:\/\/marketwell.no\/no\/event\/loreal-professionnel-color-keys-1-laerlinger-digitalt\/#breadcrumb","itemListElement":[{"@type":"ListItem","position":1,"name":"Hjem","item":"https:\/\/marketwell.no\/no\/"},{"@type":"ListItem","position":2,"name":"Arrangementer","item":"https:\/\/marketwell.no\/no\/events\/"},{"@type":"ListItem","position":3,"name":"L&#8217;Oreal Professionnel Color Keys 1 L\u00e6rlinger &#8211; Digitalt"}]},{"@type":"WebSite","@id":"https:\/\/marketwell.no\/no\/#website","url":"https:\/\/marketwell.no\/no\/","name":"Marketwell","description":"Tid for \u00e5 forenkle ","publisher":{"@id":"https:\/\/marketwell.no\/no\/#organization"},"potentialAction":[{"@type":"SearchAction","target":{"@type":"EntryPoint","urlTemplate":"https:\/\/marketwell.no\/no\/?s={search_term_string}"},"query-input":{"@type":"PropertyValueSpecification","valueRequired":true,"valueName":"search_term_string"}}],"inLanguage":"nb-NO"},{"@type":"Organization","@id":"https:\/\/marketwell.no\/no\/#organization","name":"Marketwell","url":"https:\/\/marketwell.no\/no\/","logo":{"@type":"ImageObject","inLanguage":"nb-NO","@id":"https:\/\/marketwell.no\/no\/#\/schema\/logo\/image\/","url":"https:\/\/marketwell.no\/wp-content\/uploads\/2020\/06\/MWlogo-transparent-bakkgrunn-1-e1623514698867.png","contentUrl":"https:\/\/marketwell.no\/wp-content\/uploads\/2020\/06\/MWlogo-transparent-bakkgrunn-1-e1623514698867.png","width":509,"height":239,"caption":"Marketwell"},"image":{"@id":"https:\/\/marketwell.no\/no\/#\/schema\/logo\/image\/"},"sameAs":["https:\/\/www.facebook.com\/marketwellnorge","https:\/\/www.instagram.com\/marketwell_as\/","https:\/\/no.pinterest.com\/marketwell\/","https:\/\/www.youtube.com\/channel\/UCfhYr0EHoJP9xPpxp0Sqc5Q"]}]}},"jetpack_sharing_enabled":true,"_links":{"self":[{"href":"https:\/\/marketwell.no\/no\/wp-json\/wp\/v2\/tribe_events\/9188"}],"collection":[{"href":"https:\/\/marketwell.no\/no\/wp-json\/wp\/v2\/tribe_events"}],"about":[{"href":"https:\/\/marketwell.no\/no\/wp-json\/wp\/v2\/types\/tribe_events"}],"author":[{"embeddable":true,"href":"https:\/\/marketwell.no\/no\/wp-json\/wp\/v2\/users\/1"}],"version-history":[{"count":1,"href":"https:\/\/marketwell.no\/no\/wp-json\/wp\/v2\/tribe_events\/9188\/revisions"}],"predecessor-version":[{"id":9189,"href":"https:\/\/marketwell.no\/no\/wp-json\/wp\/v2\/tribe_events\/9188\/revisions\/9189"}],"wp:featuredmedia":[{"embeddable":true,"href":"https:\/\/marketwell.no\/no\/wp-json\/wp\/v2\/media\/8418"}],"wp:attachment":[{"href":"https:\/\/marketwell.no\/no\/wp-json\/wp\/v2\/media?parent=9188"}],"wp:term":[{"taxonomy":"post_tag","embeddable":true,"href":"https:\/\/marketwell.no\/no\/wp-json\/wp\/v2\/tags?post=9188"},{"taxonomy":"tribe_events_cat","embeddable":true,"href":"https:\/\/marketwell.no\/no\/wp-json\/wp\/v2\/tribe_events_cat?post=9188"}],"curies":[{"name":"wp","href":"https:\/\/api.w.org\/{rel}","templated":true}]}}